{"id":1004,"date":"2021-03-04T04:08:28","date_gmt":"2021-03-04T04:08:28","guid":{"rendered":"http:\/\/juliakrantz.com.br\/?post_type=portfolio&#038;p=1004"},"modified":"2023-12-09T15:35:14","modified_gmt":"2023-12-09T15:35:14","slug":"cade","status":"publish","type":"portfolio","link":"https:\/\/juliakrantz.com.br\/en\/portfolio\/cade\/","title":{"rendered":"Where is it?"},"content":{"rendered":"<figure class=\"is-layout-flex wp-block-gallery-1 wp-block-gallery alignwide has-nested-images columns-default is-cropped\">\n<figure class=\"wp-block-image size-large\"><a href=\"https:\/\/juliakrantz.com.br\/wp-content\/uploads\/2021\/03\/AGY5799.jpg\"><img decoding=\"async\" loading=\"lazy\" width=\"684\" height=\"1024\" data-id=\"1006\"  src=\"https:\/\/juliakrantz.com.br\/wp-content\/uploads\/2021\/03\/AGY5799-684x1024.jpg\" alt=\"\" class=\"wp-image-1006\" srcset=\"https:\/\/juliakrantz.com.br\/wp-content\/uploads\/2021\/03\/AGY5799-684x1024.jpg 684w, https:\/\/juliakrantz.com.br\/wp-content\/uploads\/2021\/03\/AGY5799-200x300.jpg 200w, https:\/\/juliakrantz.com.br\/wp-content\/uploads\/2021\/03\/AGY5799-768x1151.jpg 768w, https:\/\/juliakrantz.com.br\/wp-content\/uploads\/2021\/03\/AGY5799-1025x1536.jpg 1025w, https:\/\/juliakrantz.com.br\/wp-content\/uploads\/2021\/03\/AGY5799.jpg 1335w\" sizes=\"(max-width: 684px) 100vw, 684px\" \/><\/a><\/figure>\n\n\n\n<figure class=\"wp-block-image size-large\"><a href=\"https:\/\/juliakrantz.com.br\/wp-content\/uploads\/2021\/03\/AGY5795.jpg\"><img decoding=\"async\" loading=\"lazy\" width=\"684\" height=\"1024\" data-id=\"1005\"  src=\"https:\/\/juliakrantz.com.br\/wp-content\/uploads\/2021\/03\/AGY5795-684x1024.jpg\" alt=\"\" class=\"wp-image-1005\" srcset=\"https:\/\/juliakrantz.com.br\/wp-content\/uploads\/2021\/03\/AGY5795-684x1024.jpg 684w, https:\/\/juliakrantz.com.br\/wp-content\/uploads\/2021\/03\/AGY5795-200x300.jpg 200w, https:\/\/juliakrantz.com.br\/wp-content\/uploads\/2021\/03\/AGY5795-768x1151.jpg 768w, https:\/\/juliakrantz.com.br\/wp-content\/uploads\/2021\/03\/AGY5795-1025x1536.jpg 1025w, https:\/\/juliakrantz.com.br\/wp-content\/uploads\/2021\/03\/AGY5795.jpg 1335w\" sizes=\"(max-width: 684px) 100vw, 684px\" \/><\/a><\/figure>\n<\/figure>\n\n\n<p class=\"p2\"><span class=\"s1\">\u201cWhere is it\u201d suggests the volume that crosses the wall, merges with the background, makes us ask: where did it go? Sculpture conceived from a fragment of the Poltrona Grude, similarly to the production of the piece that gave rise to it. The creation process follows the sequence of my sculptural creations, initiated by exploratory sketches followed by the modeling of the piece on a natural scale for formal study. From the mold, the wood is cut, glued and pressed, and then proceed to roughing and finishing.<\/span><\/p>\n<p class=\"p2\">\u00a0<\/p>\n<p>\u00a0<\/p>\n<p>Author: Julia Krantz<\/p>\n<p class=\" translation-block\"><span class=\"s1\">Measures: D1500xD350(mm)<\/span><br>Average weight (varies depending on the wood): 10kg<\/p>\n<p>Creation: 2019<\/p>\n\n\n<div class=\"is-layout-flex wp-container-7 wp-block-columns\">\n<div class=\"is-layout-flow wp-block-column\" style=\"flex-basis:15%\">\n<div class=\"wp-block-image is-style-default\"><figure class=\"alignright size-large is-resized\"><a href=\"https:\/\/juliakrantz.com.br\/en\/pecas\/para-ver-usar\/\"><img decoding=\"async\" loading=\"lazy\" src=\"http:\/\/juliakrantz.com.br\/wp-content\/uploads\/2021\/03\/voltar.png\" alt=\"\" class=\"wp-image-1261\" width=\"71\" height=\"20\"\/><\/a><\/figure><\/div>\n<\/div>\n\n\n\n<div class=\"is-layout-flow wp-block-column\" style=\"flex-basis:25%\">\n<p class=\"has-text-align-right is-style-no-vertical-margin\" style=\"font-size:20px\"><a href=\"https:\/\/juliakrantz.com.br\/en\/pecas\/para-ver-usar\/\"><strong><\/strong><\/a><strong><a href=\"https:\/\/juliakrantz.com.br\/en\/pecas\/para-ver-usar\/\"><strong>ver\/ usar<\/strong><\/a><\/strong><\/p>\n<\/div>\n\n\n\n<div class=\"is-layout-flow wp-block-column\" style=\"flex-basis:30%\">\n<p class=\"has-text-align-center is-style-no-vertical-margin\"><a href=\"https:\/\/juliakrantz.com.br\/en\/pecas\/para-comer-trabalhar\/\"><strong>comer\/ trabalhar<\/strong><\/a><\/p>\n<\/div>\n\n\n\n<div class=\"is-layout-flow wp-block-column\" style=\"flex-basis:30%\">\n<p class=\"is-style-no-vertical-margin\"><a href=\"https:\/\/juliakrantz.com.br\/en\/pecas\/para-sentar-descansar\/\"><strong>sentar\/ descansar<\/strong><\/a><\/p>\n<\/div>\n<\/div>\n\n\n\n<p class=\"is-style-no-vertical-margin\"><\/p>","protected":false},"excerpt":{"rendered":"<p>Cad\u00ea sugere o volume que transp\u00f5e a parede, que se funde ao fundo, que nos faz perguntar: pra onde foi? Escultura concebida a partir de um fragmento da Poltrona Grude, de maneira semelhante \u00e0 produ\u00e7\u00e3o da pe\u00e7a que lhe deu origem. O processo de cria\u00e7\u00e3o segue a sequ\u00eancia das minhas cria\u00e7\u00f5es escult\u00f3ricas, iniciado por croquis&hellip;<\/p>","protected":false},"author":1,"featured_media":1007,"menu_order":0,"comment_status":"closed","ping_status":"closed","template":"","format":"standard","meta":{"_vp_format_video_url":"","_vp_image_focal_point":[]},"portfolio_category":[13],"portfolio_tag":[47],"acf":[],"yoast_head":"<!-- This site is optimized with the Yoast SEO plugin v20.13 - https:\/\/yoast.com\/wordpress\/plugins\/seo\/ -->\n<title>Cad\u00ea - Ateli\u00ea Julia Krantz<\/title>\n<meta name=\"robots\" content=\"index, follow, max-snippet:-1, max-image-preview:large, max-video-preview:-1\" \/>\n<link rel=\"canonical\" href=\"https:\/\/juliakrantz.com.br\/en\/portfolio\/cade\/\" \/>\n<meta property=\"og:locale\" content=\"en_GB\" \/>\n<meta property=\"og:type\" content=\"article\" \/>\n<meta property=\"og:title\" content=\"Cad\u00ea - Ateli\u00ea Julia Krantz\" \/>\n<meta property=\"og:description\" content=\"Cad\u00ea sugere o volume que transp\u00f5e a parede, que se funde ao fundo, que nos faz perguntar: pra onde foi? Escultura concebida a partir de um fragmento da Poltrona Grude, de maneira semelhante \u00e0 produ\u00e7\u00e3o da pe\u00e7a que lhe deu origem. O processo de cria\u00e7\u00e3o segue a sequ\u00eancia das minhas cria\u00e7\u00f5es escult\u00f3ricas, iniciado por croquis&hellip;\" \/>\n<meta property=\"og:url\" content=\"https:\/\/juliakrantz.com.br\/en\/portfolio\/cade\/\" \/>\n<meta property=\"og:site_name\" content=\"Ateli\u00ea Julia Krantz\" \/>\n<meta property=\"article:publisher\" content=\"https:\/\/www.facebook.com\/ateliejuliakrantz\/\" \/>\n<meta property=\"article:modified_time\" content=\"2023-12-09T15:35:14+00:00\" \/>\n<meta property=\"og:image\" content=\"http:\/\/juliakrantz.com.br\/wp-content\/uploads\/2021\/03\/Cade\u0302.jpg\" \/>\n\t<meta property=\"og:image:width\" content=\"2000\" \/>\n\t<meta property=\"og:image:height\" content=\"2021\" \/>\n\t<meta property=\"og:image:type\" content=\"image\/jpeg\" \/>\n<meta name=\"twitter:card\" content=\"summary_large_image\" \/>\n<meta name=\"twitter:label1\" content=\"Estimated reading time\" \/>\n\t<meta name=\"twitter:data1\" content=\"1 minute\" \/>\n<script type=\"application\/ld+json\" class=\"yoast-schema-graph\">{\"@context\":\"https:\/\/schema.org\",\"@graph\":[{\"@type\":\"WebPage\",\"@id\":\"https:\/\/juliakrantz.com.br\/portfolio\/cade\/\",\"url\":\"https:\/\/juliakrantz.com.br\/portfolio\/cade\/\",\"name\":\"Cad\u00ea - Ateli\u00ea Julia Krantz\",\"isPartOf\":{\"@id\":\"https:\/\/juliakrantz.com.br\/#website\"},\"datePublished\":\"2021-03-04T04:08:28+00:00\",\"dateModified\":\"2023-12-09T15:35:14+00:00\",\"breadcrumb\":{\"@id\":\"https:\/\/juliakrantz.com.br\/portfolio\/cade\/#breadcrumb\"},\"inLanguage\":\"en-GB\",\"potentialAction\":[{\"@type\":\"ReadAction\",\"target\":[\"https:\/\/juliakrantz.com.br\/portfolio\/cade\/\"]}]},{\"@type\":\"BreadcrumbList\",\"@id\":\"https:\/\/juliakrantz.com.br\/portfolio\/cade\/#breadcrumb\",\"itemListElement\":[{\"@type\":\"ListItem\",\"position\":1,\"name\":\"In\u00edcio\",\"item\":\"https:\/\/juliakrantz.com.br\/\"},{\"@type\":\"ListItem\",\"position\":2,\"name\":\"Portfolio\",\"item\":\"https:\/\/juliakrantz.com.br\/portfolio\/\"},{\"@type\":\"ListItem\",\"position\":3,\"name\":\"Cad\u00ea\"}]},{\"@type\":\"WebSite\",\"@id\":\"https:\/\/juliakrantz.com.br\/#website\",\"url\":\"https:\/\/juliakrantz.com.br\/\",\"name\":\"Ateli\u00ea Julia Krantz\",\"description\":\"\",\"publisher\":{\"@id\":\"https:\/\/juliakrantz.com.br\/#organization\"},\"potentialAction\":[{\"@type\":\"SearchAction\",\"target\":{\"@type\":\"EntryPoint\",\"urlTemplate\":\"https:\/\/juliakrantz.com.br\/?s={search_term_string}\"},\"query-input\":\"required name=search_term_string\"}],\"inLanguage\":\"en-GB\"},{\"@type\":\"Organization\",\"@id\":\"https:\/\/juliakrantz.com.br\/#organization\",\"name\":\"Ateli\u00ea Julia Krantz\",\"url\":\"https:\/\/juliakrantz.com.br\/\",\"logo\":{\"@type\":\"ImageObject\",\"inLanguage\":\"en-GB\",\"@id\":\"https:\/\/juliakrantz.com.br\/#\/schema\/logo\/image\/\",\"url\":\"https:\/\/juliakrantz.com.br\/wp-content\/uploads\/2015\/08\/cropped-cropped-cropped-cropped-cropped-logo-Julia-Krantz-2.png\",\"contentUrl\":\"https:\/\/juliakrantz.com.br\/wp-content\/uploads\/2015\/08\/cropped-cropped-cropped-cropped-cropped-logo-Julia-Krantz-2.png\",\"width\":150,\"height\":254,\"caption\":\"Ateli\u00ea Julia Krantz\"},\"image\":{\"@id\":\"https:\/\/juliakrantz.com.br\/#\/schema\/logo\/image\/\"},\"sameAs\":[\"https:\/\/www.facebook.com\/ateliejuliakrantz\/\",\"https:\/\/www.linkedin.com\/in\/julia-krantz\/\",\"https:\/\/www.instagram.com\/ateliejuliakrantz\/\"]}]}<\/script>\n<!-- \/ Yoast SEO plugin. -->","yoast_head_json":{"title":"Cad\u00ea - Ateli\u00ea Julia Krantz","robots":{"index":"index","follow":"follow","max-snippet":"max-snippet:-1","max-image-preview":"max-image-preview:large","max-video-preview":"max-video-preview:-1"},"canonical":"https:\/\/juliakrantz.com.br\/en\/portfolio\/cade\/","og_locale":"en_GB","og_type":"article","og_title":"Cad\u00ea - Ateli\u00ea Julia Krantz","og_description":"Cad\u00ea sugere o volume que transp\u00f5e a parede, que se funde ao fundo, que nos faz perguntar: pra onde foi? Escultura concebida a partir de um fragmento da Poltrona Grude, de maneira semelhante \u00e0 produ\u00e7\u00e3o da pe\u00e7a que lhe deu origem. O processo de cria\u00e7\u00e3o segue a sequ\u00eancia das minhas cria\u00e7\u00f5es escult\u00f3ricas, iniciado por croquis&hellip;","og_url":"https:\/\/juliakrantz.com.br\/en\/portfolio\/cade\/","og_site_name":"Ateli\u00ea Julia Krantz","article_publisher":"https:\/\/www.facebook.com\/ateliejuliakrantz\/","article_modified_time":"2023-12-09T15:35:14+00:00","og_image":[{"width":2000,"height":2021,"url":"http:\/\/juliakrantz.com.br\/wp-content\/uploads\/2021\/03\/Cade\u0302.jpg","type":"image\/jpeg"}],"twitter_card":"summary_large_image","twitter_misc":{"Estimated reading time":"1 minute"},"schema":{"@context":"https:\/\/schema.org","@graph":[{"@type":"WebPage","@id":"https:\/\/juliakrantz.com.br\/portfolio\/cade\/","url":"https:\/\/juliakrantz.com.br\/portfolio\/cade\/","name":"Cad\u00ea - Ateli\u00ea Julia Krantz","isPartOf":{"@id":"https:\/\/juliakrantz.com.br\/#website"},"datePublished":"2021-03-04T04:08:28+00:00","dateModified":"2023-12-09T15:35:14+00:00","breadcrumb":{"@id":"https:\/\/juliakrantz.com.br\/portfolio\/cade\/#breadcrumb"},"inLanguage":"en-GB","potentialAction":[{"@type":"ReadAction","target":["https:\/\/juliakrantz.com.br\/portfolio\/cade\/"]}]},{"@type":"BreadcrumbList","@id":"https:\/\/juliakrantz.com.br\/portfolio\/cade\/#breadcrumb","itemListElement":[{"@type":"ListItem","position":1,"name":"In\u00edcio","item":"https:\/\/juliakrantz.com.br\/"},{"@type":"ListItem","position":2,"name":"Portfolio","item":"https:\/\/juliakrantz.com.br\/portfolio\/"},{"@type":"ListItem","position":3,"name":"Cad\u00ea"}]},{"@type":"WebSite","@id":"https:\/\/juliakrantz.com.br\/#website","url":"https:\/\/juliakrantz.com.br\/","name":"Ateli\u00ea Julia Krantz","description":"","publisher":{"@id":"https:\/\/juliakrantz.com.br\/#organization"},"potentialAction":[{"@type":"SearchAction","target":{"@type":"EntryPoint","urlTemplate":"https:\/\/juliakrantz.com.br\/?s={search_term_string}"},"query-input":"required name=search_term_string"}],"inLanguage":"en-GB"},{"@type":"Organization","@id":"https:\/\/juliakrantz.com.br\/#organization","name":"Ateli\u00ea Julia Krantz","url":"https:\/\/juliakrantz.com.br\/","logo":{"@type":"ImageObject","inLanguage":"en-GB","@id":"https:\/\/juliakrantz.com.br\/#\/schema\/logo\/image\/","url":"https:\/\/juliakrantz.com.br\/wp-content\/uploads\/2015\/08\/cropped-cropped-cropped-cropped-cropped-logo-Julia-Krantz-2.png","contentUrl":"https:\/\/juliakrantz.com.br\/wp-content\/uploads\/2015\/08\/cropped-cropped-cropped-cropped-cropped-logo-Julia-Krantz-2.png","width":150,"height":254,"caption":"Ateli\u00ea Julia Krantz"},"image":{"@id":"https:\/\/juliakrantz.com.br\/#\/schema\/logo\/image\/"},"sameAs":["https:\/\/www.facebook.com\/ateliejuliakrantz\/","https:\/\/www.linkedin.com\/in\/julia-krantz\/","https:\/\/www.instagram.com\/ateliejuliakrantz\/"]}]}},"_links":{"self":[{"href":"https:\/\/juliakrantz.com.br\/en\/wp-json\/wp\/v2\/portfolio\/1004"}],"collection":[{"href":"https:\/\/juliakrantz.com.br\/en\/wp-json\/wp\/v2\/portfolio"}],"about":[{"href":"https:\/\/juliakrantz.com.br\/en\/wp-json\/wp\/v2\/types\/portfolio"}],"author":[{"embeddable":true,"href":"https:\/\/juliakrantz.com.br\/en\/wp-json\/wp\/v2\/users\/1"}],"replies":[{"embeddable":true,"href":"https:\/\/juliakrantz.com.br\/en\/wp-json\/wp\/v2\/comments?post=1004"}],"version-history":[{"count":3,"href":"https:\/\/juliakrantz.com.br\/en\/wp-json\/wp\/v2\/portfolio\/1004\/revisions"}],"predecessor-version":[{"id":1675,"href":"https:\/\/juliakrantz.com.br\/en\/wp-json\/wp\/v2\/portfolio\/1004\/revisions\/1675"}],"wp:featuredmedia":[{"embeddable":true,"href":"https:\/\/juliakrantz.com.br\/en\/wp-json\/wp\/v2\/media\/1007"}],"wp:attachment":[{"href":"https:\/\/juliakrantz.com.br\/en\/wp-json\/wp\/v2\/media?parent=1004"}],"wp:term":[{"taxonomy":"portfolio_category","embeddable":true,"href":"https:\/\/juliakrantz.com.br\/en\/wp-json\/wp\/v2\/portfolio_category?post=1004"},{"taxonomy":"portfolio_tag","embeddable":true,"href":"https:\/\/juliakrantz.com.br\/en\/wp-json\/wp\/v2\/portfolio_tag?post=1004"}],"curies":[{"name":"wp","href":"https:\/\/api.w.org\/{rel}","templated":true}]}}